{"id":2489,"date":"2022-04-14T11:07:45","date_gmt":"2022-04-14T15:07:45","guid":{"rendered":"https:\/\/annaestephan.com\/?page_id=2489"},"modified":"2024-03-13T16:45:32","modified_gmt":"2024-03-13T20:45:32","slug":"saint-philippe","status":"publish","type":"page","link":"https:\/\/annaestephan.com\/en\/proprietes-par-ville\/saint-philippe\/","title":{"rendered":"Municipality of Saint-Philippe"},"content":{"rendered":"<p><section  class=\"bg_normal \"><div class=\"layout-content text-align-left\" style=\"\"><div class=\"content\"><\/p>\n<h2 style=\"text-align: center;\"><span style=\"font-size: 24pt;\"><a href=\"https:\/\/annaestephan.com\/en\/proprietes-par-ville\/\"><strong>Saint-Philippe Real Estate Broker<\/strong><\/a><\/span><\/h2>\n<h2 style=\"text-align: center;\">Serving homeowners in Montreal&#8217;s South Shore<\/h2>\n<p>&nbsp;<\/p>\n<hr \/>\n<h2 style=\"text-align: left;\"><strong>SELL YOUR PROPERTY IN SAINT-PHILIPPE<\/strong><\/h2>\n<p><strong>For you who are considering selling your property<\/strong>, <a href=\"https:\/\/annaestephan.com\/en\/mes-proprietes\/\">Anna Estephan Real Estate Agency<\/a> has been providing real estate agency services on the South Shore for over 15 years. Anna has so many years of experience and uses her skills to help you achieve your goals of selling (or buying) a property. No matter how big your real estate dreams are, Anna will take care of everything to help you make them come true!<\/p>\n<p><strong>Whether this is your first transaction or whether you are a veteran in the market<\/strong>, she will support you by giving you the right advice and using effective tools to achieve a successful real estate transaction. As a professional real estate agent, his mission is to carry out your real estate project without stress so that you have the best possible experience and that you get your money&#8217;s worth!<\/p>\n<p>Using the best Internet promotion techniques, <strong>you are guaranteed to benefit from optimal visibility<\/strong> in order to reach as many people as possible who wish to settle in Saint-Philippe.<\/p>\n<p><a href=\"https:\/\/annaestephan.com\/files\/2021\/08\/ANNA_ESTEPHAN_1600x738-Logo-Eng-2.jpg\"><img loading=\"lazy\" decoding=\"async\" class=\"wp-image-1216 aligncenter\" src=\"https:\/\/annaestephan.com\/files\/2021\/08\/ANNA_ESTEPHAN_1600x738-Logo-Eng-2-1024x472.jpg\" alt=\"South Shore Real Estate Agency\" width=\"668\" height=\"308\" srcset=\"https:\/\/annaestephan.com\/files\/2021\/08\/ANNA_ESTEPHAN_1600x738-Logo-Eng-2-1024x472.jpg 1024w, https:\/\/annaestephan.com\/files\/2021\/08\/ANNA_ESTEPHAN_1600x738-Logo-Eng-2-300x138.jpg 300w, https:\/\/annaestephan.com\/files\/2021\/08\/ANNA_ESTEPHAN_1600x738-Logo-Eng-2-768x354.jpg 768w, https:\/\/annaestephan.com\/files\/2021\/08\/ANNA_ESTEPHAN_1600x738-Logo-Eng-2.jpg 1600w\" sizes=\"auto, (max-width: 668px) 100vw, 668px\" \/><\/a><\/p>\n<p><strong>Are you ready or ready to take action and sell your property at the best market price and under the best possible conditions?<\/strong> Contact Anna Estephan now at the following telephone number: <strong><a href=\"tel:5142922311\">514-292-2311<\/a><\/strong>.<\/p>\n<p><strong>We have several buyers to present to you!<\/strong> Anna Estephan also represents a large number of buyers and sellers of properties on the South Shore. If you are looking for a real estate broker to help you sell your property on the South Shore, Anna is the professional who will help you achieve your goal.<\/p>\n<p>&nbsp;<\/p>\n<hr \/>\n<h3><span style=\"font-size: 18pt;\"><strong>Saint-Philippe &#8211; Sowing for the future<\/strong><\/span><\/h3>\n<p><span style=\"font-family: arial, helvetica, sans-serif;\">Saint-Philippe is a town with a rural character where urbanity rubs shoulders with rurality. Located in the Mont\u00e9r\u00e9gie region near Candiac and Delson, the town is crisscrossed by the Saint-Jacques River and bordered by highways 15 (from Montreal to the United States) and 30 (from Salaberry-de-Valleyfield to Sorel-Tracy). Its territory covers 62 square kilometers, 93% of which is in agricultural zones.<\/span><\/p>\n<div id=\"attachment_2492\" style=\"width: 910px\" class=\"wp-caption aligncenter\"><a href=\"https:\/\/annaestephan.com\/files\/2022\/04\/saint-philippe-vue-aerienne-via-google-earth.jpg\"><img loading=\"lazy\" decoding=\"async\" aria-describedby=\"caption-attachment-2492\" class=\"wp-image-2492\" src=\"https:\/\/annaestephan.com\/files\/2022\/04\/saint-philippe-vue-aerienne-via-google-earth-1024x573.jpg\" alt=\"Saint-Philippe\" width=\"900\" height=\"503\" srcset=\"https:\/\/annaestephan.com\/files\/2022\/04\/saint-philippe-vue-aerienne-via-google-earth-1024x573.jpg 1024w, https:\/\/annaestephan.com\/files\/2022\/04\/saint-philippe-vue-aerienne-via-google-earth-300x168.jpg 300w, https:\/\/annaestephan.com\/files\/2022\/04\/saint-philippe-vue-aerienne-via-google-earth-768x430.jpg 768w, https:\/\/annaestephan.com\/files\/2022\/04\/saint-philippe-vue-aerienne-via-google-earth.jpg 1180w\" sizes=\"auto, (max-width: 900px) 100vw, 900px\" \/><\/a><p id=\"caption-attachment-2492\" class=\"wp-caption-text\">Aerial view of the Saint-Philippe-Candiac-Delson area via Google Earth.<\/p><\/div>\n<h3><span style=\"font-size: 18pt;\"><strong>Origins dating back to the 17th century<\/strong><\/span><\/h3>\n<p>It was in 1667 that the first families settled: &#8220;these courageous pioneers&#8221;, as mentioned by Monseigneur de Pontbriand, Bishop of Quebec. In 1744, the first parish of Saint-Philippe was founded: the Fabrique de la c\u00f4te Saint-Philippe.<\/p>\n<p>During the 19th century, it obtained (1845), then lost (1847) its name and its status of Municipality of the Parish of Saint-Philippe, only to regain it (1855) following the adoption of the &#8220;Act to make better provision for the establishment of municipal authorities in Lower Canada&#8221;. It was this act that established the basis for the municipal system in effect today in Quebec. On October 22, 2016, the Municipality of Saint-Philippe will change its status to become the Town of Saint-Philippe.<\/p>\n<p>&nbsp;<\/p>\n<div id=\"attachment_2493\" style=\"width: 910px\" class=\"wp-caption aligncenter\"><a href=\"https:\/\/annaestephan.com\/files\/2022\/04\/saint-philippe-vue-aerienne-via-google-earth-2.jpg\"><img loading=\"lazy\" decoding=\"async\" aria-describedby=\"caption-attachment-2493\" class=\"wp-image-2493\" src=\"https:\/\/annaestephan.com\/files\/2022\/04\/saint-philippe-vue-aerienne-via-google-earth-2-1024x548.jpg\" alt=\"Saint-Philippe\" width=\"900\" height=\"482\" srcset=\"https:\/\/annaestephan.com\/files\/2022\/04\/saint-philippe-vue-aerienne-via-google-earth-2-1024x548.jpg 1024w, https:\/\/annaestephan.com\/files\/2022\/04\/saint-philippe-vue-aerienne-via-google-earth-2-300x161.jpg 300w, https:\/\/annaestephan.com\/files\/2022\/04\/saint-philippe-vue-aerienne-via-google-earth-2-768x411.jpg 768w, https:\/\/annaestephan.com\/files\/2022\/04\/saint-philippe-vue-aerienne-via-google-earth-2.jpg 1493w\" sizes=\"auto, (max-width: 900px) 100vw, 900px\" \/><\/a><p id=\"caption-attachment-2493\" class=\"wp-caption-text\">Aerial view of the municipality of Saint-Philippe via Google Earth<\/p><\/div>\n<p><span style=\"font-family: arial, helvetica, sans-serif;\">In January 2020, it celebrated 275 years of existence. During the festivities, the city received a medal from the National Assembly in recognition of its history.<\/span><\/p>\n<h3><span style=\"font-size: 18pt;\"><strong>Demographic profile of Saint-Philippe<\/strong><\/span><\/h3>\n<p><span style=\"font-family: arial, helvetica, sans-serif;\">In recent years, the city has experienced one of the strongest demographic growths in Quebec, in the order of 15% between 2011 and 2016. Its population was 7,317 citizens in 2020 and, according to the city hall, it should reach 13,000 citizens by 2031.<\/span><\/p>\n<p>&nbsp;<\/p>\n<div id=\"attachment_2494\" style=\"width: 737px\" class=\"wp-caption aligncenter\"><a href=\"https:\/\/annaestephan.com\/files\/2022\/04\/Evolution-demographique-st-philippe.jpg\"><img loading=\"lazy\" decoding=\"async\" aria-describedby=\"caption-attachment-2494\" class=\"wp-image-2494 size-full\" src=\"https:\/\/annaestephan.com\/files\/2022\/04\/Evolution-demographique-st-philippe.jpg\" alt=\"Saint-Philippe\" width=\"727\" height=\"494\" srcset=\"https:\/\/annaestephan.com\/files\/2022\/04\/Evolution-demographique-st-philippe.jpg 727w, https:\/\/annaestephan.com\/files\/2022\/04\/Evolution-demographique-st-philippe-300x204.jpg 300w\" sizes=\"auto, (max-width: 727px) 100vw, 727px\" \/><\/a><p id=\"caption-attachment-2494\" class=\"wp-caption-text\">Demographic evolution of Saint-Philippe.<\/p><\/div>\n<p>According to City Hall, within the next few years, the City of St Philippe will be home to a new wastewater treatment plant and the extension of the sewer and water systems. This will support new residential development planned for the revitalized site of the existing aerated ponds at the end of Jean Street. This program is designed to support the City&#8217;s population growth while stimulating economic growth.<\/p>\n<p>Although only minutes away from Montreal, Brossard, Longueuil, Saint-Jean-sur-Richelieu and Chateauguay, Saint-Philippe relies on several local businesses and professional centers to serve local residents.<\/p>\n<div id=\"attachment_2495\" style=\"width: 910px\" class=\"wp-caption aligncenter\"><a href=\"https:\/\/annaestephan.com\/files\/2022\/04\/Hotel-de-Ville_juillet-2016_2-Saint-Philippe-scaled.jpg\"><img loading=\"lazy\" decoding=\"async\" aria-describedby=\"caption-attachment-2495\" class=\"wp-image-2495\" src=\"https:\/\/annaestephan.com\/files\/2022\/04\/Hotel-de-Ville_juillet-2016_2-Saint-Philippe-1024x570.jpg\" alt=\"Saint-Philippe\" width=\"900\" height=\"501\" srcset=\"https:\/\/annaestephan.com\/files\/2022\/04\/Hotel-de-Ville_juillet-2016_2-Saint-Philippe-1024x570.jpg 1024w, https:\/\/annaestephan.com\/files\/2022\/04\/Hotel-de-Ville_juillet-2016_2-Saint-Philippe-300x167.jpg 300w, https:\/\/annaestephan.com\/files\/2022\/04\/Hotel-de-Ville_juillet-2016_2-Saint-Philippe-768x428.jpg 768w, https:\/\/annaestephan.com\/files\/2022\/04\/Hotel-de-Ville_juillet-2016_2-Saint-Philippe-1536x855.jpg 1536w, https:\/\/annaestephan.com\/files\/2022\/04\/Hotel-de-Ville_juillet-2016_2-Saint-Philippe-2048x1140.jpg 2048w\" sizes=\"auto, (max-width: 900px) 100vw, 900px\" \/><\/a><p id=\"caption-attachment-2495\" class=\"wp-caption-text\">Saint-Philippe City Hall<\/p><\/div>\n<p><span style=\"font-family: arial, helvetica, sans-serif;\">It has two pharmacies, several food markets, a wholesale frozen food store, a specialty fruit and vegetable store, a candy store, several auto and motorcycle repair and maintenance garages, gas stations, auto dealerships, a clothing store, a hardware store and more. There is a men&#8217;s hair salon and a women&#8217;s hair salon offering a wide variety of body treatments. Banks and credit unions are located in nearby urban centers.<\/span><\/p>\n<h3><span style=\"font-size: 18pt;\"><strong>The return of the public market in Saint-Philippe<\/strong><\/span><\/h3>\n<p><span style=\"font-family: arial, helvetica, sans-serif;\">Every Thursday, from August 5 to September 23 (dates to be confirmed for 2022), between 3 p.m. and 7 p.m., the City of Saint-Philippe will present a new edition of the public market, which will take place in the parking lot of the Complexe \u00c9lodie-P. Babin at 2235 \u00c9douard-VII Road. This event will showcase local and regional artisans who will offer you an opportunity to buy fresh food and encourage local purchases and local agriculture.<\/span><\/p>\n<div id=\"attachment_2496\" style=\"width: 910px\" class=\"wp-caption aligncenter\"><a href=\"https:\/\/annaestephan.com\/files\/2022\/04\/marche-public-saint-phippe.jpg\"><img loading=\"lazy\" decoding=\"async\" aria-describedby=\"caption-attachment-2496\" class=\"wp-image-2496\" src=\"https:\/\/annaestephan.com\/files\/2022\/04\/marche-public-saint-phippe.jpg\" alt=\"Saint-Philippe\" width=\"900\" height=\"311\" srcset=\"https:\/\/annaestephan.com\/files\/2022\/04\/marche-public-saint-phippe.jpg 1016w, https:\/\/annaestephan.com\/files\/2022\/04\/marche-public-saint-phippe-300x104.jpg 300w, https:\/\/annaestephan.com\/files\/2022\/04\/marche-public-saint-phippe-768x265.jpg 768w\" sizes=\"auto, (max-width: 900px) 100vw, 900px\" \/><\/a><p id=\"caption-attachment-2496\" class=\"wp-caption-text\">Saint-Philippe&#8217;s public walk<\/p><\/div>\n<p><span style=\"font-size: 18pt;\"><strong>Lodging and restaurants<\/strong><\/span><\/p>\n<p><span style=\"font-family: arial, helvetica, sans-serif;\">Saint-Philippe does not offer accommodation, but within 20 km, it is possible to find comfortable lodging. In the city and in the surrounding area, there are several restaurants to satisfy the palates of the most gourmands.<\/span><\/p>\n<h4><span style=\"font-size: 18pt;\"><strong>Educational services<\/strong><\/span><\/h4>\n<p><span style=\"font-family: arial, helvetica, sans-serif;\">The city has an early childhood center and two primary schools with special education services, \u00c9cole des Moussaillons (preschool to grade 2) and \u00c9cole de la Travers\u00e9e (grades 3 to 6). The high school is located nearby in the town of Candiac, 7 km away. The Coll\u00e8ge Jean de la Mennais, a private school for primary and secondary levels, is located in La Prairie, less than 10 km away.<\/span><\/p>\n<p>&nbsp;<\/p>\n<div id=\"attachment_2497\" style=\"width: 910px\" class=\"wp-caption aligncenter\"><a href=\"https:\/\/annaestephan.com\/files\/2022\/04\/ecole-des-moussaillons-scaled.jpg\"><img loading=\"lazy\" decoding=\"async\" aria-describedby=\"caption-attachment-2497\" class=\"wp-image-2497\" src=\"https:\/\/annaestephan.com\/files\/2022\/04\/ecole-des-moussaillons-1024x768.jpg\" alt=\"Saint-Philippe\" width=\"900\" height=\"675\" srcset=\"https:\/\/annaestephan.com\/files\/2022\/04\/ecole-des-moussaillons-1024x768.jpg 1024w, https:\/\/annaestephan.com\/files\/2022\/04\/ecole-des-moussaillons-300x225.jpg 300w, https:\/\/annaestephan.com\/files\/2022\/04\/ecole-des-moussaillons-768x576.jpg 768w, https:\/\/annaestephan.com\/files\/2022\/04\/ecole-des-moussaillons-1536x1152.jpg 1536w, https:\/\/annaestephan.com\/files\/2022\/04\/ecole-des-moussaillons-2048x1536.jpg 2048w\" sizes=\"auto, (max-width: 900px) 100vw, 900px\" \/><\/a><p id=\"caption-attachment-2497\" class=\"wp-caption-text\">Des Moussaillons Elementary School<\/p><\/div>\n<p><span style=\"font-family: arial, helvetica, sans-serif;\">Coll\u00e8ge Durocher Saint-Lambert, in collaboration with the Centre \u00c9questre le Pr\u00e9 Vert, is pleased to offer students the option of horseback riding as part of its sports studies program.<\/span><\/p>\n<h4><span style=\"font-size: 18pt;\"><strong>Parks and green spaces<\/strong><\/span><\/h4>\n<p><span style=\"font-family: arial, helvetica, sans-serif;\">The city offers several recreational sites where users can enjoy recreational facilities. The department maintains the parks and green spaces by inspecting and maintaining the playgrounds and sports fields, collecting garbage, maintaining the lawn, trails and ice surfaces, pruning trees and maintaining street furniture (benches, tables, etc.).<\/span><\/p>\n<div id=\"attachment_2498\" style=\"width: 810px\" class=\"wp-caption aligncenter\"><a href=\"https:\/\/annaestephan.com\/files\/2022\/04\/loisirs-gerard-laframboise7.jpg\"><img loading=\"lazy\" decoding=\"async\" aria-describedby=\"caption-attachment-2498\" class=\"wp-image-2498 size-full\" src=\"https:\/\/annaestephan.com\/files\/2022\/04\/loisirs-gerard-laframboise7.jpg\" alt=\"Saint-Philippe\" width=\"800\" height=\"533\" srcset=\"https:\/\/annaestephan.com\/files\/2022\/04\/loisirs-gerard-laframboise7.jpg 800w, https:\/\/annaestephan.com\/files\/2022\/04\/loisirs-gerard-laframboise7-300x200.jpg 300w, https:\/\/annaestephan.com\/files\/2022\/04\/loisirs-gerard-laframboise7-768x512.jpg 768w\" sizes=\"auto, (max-width: 800px) 100vw, 800px\" \/><\/a><p id=\"caption-attachment-2498\" class=\"wp-caption-text\">Gerard-Laframboise Park<\/p><\/div>\n<p><span style=\"font-family: arial, helvetica, sans-serif;\">There are the G\u00e9rard-Laframboise, Anatole-Lussier, Jean-Paul Dupuis, Raoul-Lavall\u00e9e, Parc aux Oiseaux, Herv\u00e9-Perrier, des Aub\u00e9pines and Monette parks, as well as cross-country ski and snowshoe trails (snowshoe and cross-country ski rentals available).<\/span><\/p>\n<p><strong><span style=\"font-family: arial, helvetica, sans-serif;\">Sports facilities in Saint-Philippe:<\/span><\/strong><\/p>\n<ul>\n<li aria-level=\"1\">4 skating rinks (Anatole-Lussier, Jean-Paul-Dupuis, G\u00e9rard-Laframboise, aire glac\u00e9e G\u00e9rard-Laframboise)<\/li>\n<li aria-level=\"1\">Skatepark<\/li>\n<li aria-level=\"1\">Games module<\/li>\n<li aria-level=\"1\">Water games<\/li>\n<li aria-level=\"1\">Soccer fields<\/li>\n<li aria-level=\"1\">Ball field<\/li>\n<li aria-level=\"1\">Tennis courts<\/li>\n<li aria-level=\"1\">Playground, park<\/li>\n<li aria-level=\"1\">Shuffleboard courts<\/li>\n<li aria-level=\"1\">Multifunctional surface (field hockey and basketball)<\/li>\n<li aria-level=\"1\">Training modules<\/li>\n<li aria-level=\"1\">Riverfront bike path crossing<\/li>\n<\/ul>\n<p><span style=\"font-family: arial, helvetica, sans-serif;\">The city also provides space and classes for Badminton, pickball, basketball, cross training, karate, salsa, stretching, Zumba, yoga in addition to Spanish classes, guitar, babysitting, mixology, Andean music etc&#8230;<\/span><\/p>\n<h4><span style=\"font-size: 18pt;\"><strong>Saint-Philippe Library<\/strong><\/span><\/h4>\n<p>The &#8220;Le Vaisseau d&#8217;Or&#8221; library welcomes the whole family with nearly 23,000 documents, 71 periodical titles, 1,515 digital documents, a summer reading club for children, animation, conferences and exhibitions. The Saint-Philippe library is the first in the Roussillon MRC territory to offer its citizens self-service book boxes (since 2013).<\/p>\n<div id=\"attachment_2499\" style=\"width: 810px\" class=\"wp-caption aligncenter\"><a href=\"https:\/\/annaestephan.com\/files\/2022\/04\/biblioteque-Saint-Philippe-le-vaisseau-or.jpg\"><img loading=\"lazy\" decoding=\"async\" aria-describedby=\"caption-attachment-2499\" class=\"wp-image-2499 size-full\" src=\"https:\/\/annaestephan.com\/files\/2022\/04\/biblioteque-Saint-Philippe-le-vaisseau-or.jpg\" alt=\"Saint-Philippe\" width=\"800\" height=\"534\" srcset=\"https:\/\/annaestephan.com\/files\/2022\/04\/biblioteque-Saint-Philippe-le-vaisseau-or.jpg 800w, https:\/\/annaestephan.com\/files\/2022\/04\/biblioteque-Saint-Philippe-le-vaisseau-or-300x200.jpg 300w, https:\/\/annaestephan.com\/files\/2022\/04\/biblioteque-Saint-Philippe-le-vaisseau-or-768x513.jpg 768w\" sizes=\"auto, (max-width: 800px) 100vw, 800px\" \/><\/a><p id=\"caption-attachment-2499\" class=\"wp-caption-text\">Saint-Philippe Library, the Golden Ship<\/p><\/div>\n<p>&nbsp;<\/p>\n<hr \/>\n<h4><span style=\"font-size: 18pt;\"><strong>Saint-Philippe &#8211; Some real estate statistics<\/strong><\/span><\/h4>\n<p><span style=\"font-family: arial, helvetica, sans-serif;\"><a href=\"https:\/\/annaestephan.com\/files\/2022\/04\/Statistiques-immobilieres-Saint-Philippe-Monteregie-1.png\"><img loading=\"lazy\" decoding=\"async\" class=\"aligncenter wp-image-2500\" src=\"https:\/\/annaestephan.com\/files\/2022\/04\/Statistiques-immobilieres-Saint-Philippe-Monteregie-1-1024x296.png\" alt=\"Saint-Philippe\" width=\"900\" height=\"260\" srcset=\"https:\/\/annaestephan.com\/files\/2022\/04\/Statistiques-immobilieres-Saint-Philippe-Monteregie-1-1024x296.png 1024w, https:\/\/annaestephan.com\/files\/2022\/04\/Statistiques-immobilieres-Saint-Philippe-Monteregie-1-300x87.png 300w, https:\/\/annaestephan.com\/files\/2022\/04\/Statistiques-immobilieres-Saint-Philippe-Monteregie-1-768x222.png 768w, https:\/\/annaestephan.com\/files\/2022\/04\/Statistiques-immobilieres-Saint-Philippe-Monteregie-1.png 1271w\" sizes=\"auto, (max-width: 900px) 100vw, 900px\" \/><\/a><a href=\"https:\/\/annaestephan.com\/files\/2022\/04\/Statistiques-immobilieres-Saint-Philippe-Monteregie-2.png\"><img loading=\"lazy\" decoding=\"async\" class=\"aligncenter wp-image-2501\" src=\"https:\/\/annaestephan.com\/files\/2022\/04\/Statistiques-immobilieres-Saint-Philippe-Monteregie-2-1024x287.png\" alt=\"Saint-Philippe\" width=\"900\" height=\"253\" srcset=\"https:\/\/annaestephan.com\/files\/2022\/04\/Statistiques-immobilieres-Saint-Philippe-Monteregie-2-1024x287.png 1024w, https:\/\/annaestephan.com\/files\/2022\/04\/Statistiques-immobilieres-Saint-Philippe-Monteregie-2-300x84.png 300w, https:\/\/annaestephan.com\/files\/2022\/04\/Statistiques-immobilieres-Saint-Philippe-Monteregie-2-768x215.png 768w, https:\/\/annaestephan.com\/files\/2022\/04\/Statistiques-immobilieres-Saint-Philippe-Monteregie-2.png 1276w\" sizes=\"auto, (max-width: 900px) 100vw, 900px\" \/><\/a><a href=\"https:\/\/annaestephan.com\/files\/2022\/04\/Statistiques-immobilieres-Saint-Philippe-Monteregie-3.png\"><img loading=\"lazy\" decoding=\"async\" class=\"aligncenter wp-image-2502\" src=\"https:\/\/annaestephan.com\/files\/2022\/04\/Statistiques-immobilieres-Saint-Philippe-Monteregie-3-1024x253.png\" alt=\"Saint-Philippe\" width=\"900\" height=\"222\" srcset=\"https:\/\/annaestephan.com\/files\/2022\/04\/Statistiques-immobilieres-Saint-Philippe-Monteregie-3-1024x253.png 1024w, https:\/\/annaestephan.com\/files\/2022\/04\/Statistiques-immobilieres-Saint-Philippe-Monteregie-3-300x74.png 300w, https:\/\/annaestephan.com\/files\/2022\/04\/Statistiques-immobilieres-Saint-Philippe-Monteregie-3-768x190.png 768w, https:\/\/annaestephan.com\/files\/2022\/04\/Statistiques-immobilieres-Saint-Philippe-Monteregie-3.png 1279w\" sizes=\"auto, (max-width: 900px) 100vw, 900px\" \/><\/a><\/span><\/p>\n<h2 style=\"text-align: center;\"><span style=\"font-family: arial, helvetica, sans-serif;\"><strong style=\"text-align: center; font-size: 16px;\"><a href=\"https:\/\/www.centris.ca\/fr\">Source : Centris<\/a><\/strong><\/span><\/h2>\n<hr \/>\n<h4><span style=\"font-size: 18pt;\"><strong>Saint-Philippe &#8211; Useful links<\/strong><\/span><\/h4>\n<ul>\n<li aria-level=\"1\"><span style=\"font-family: arial, helvetica, sans-serif; color: #0000ff;\"><a style=\"color: #0000ff;\" href=\"https:\/\/ville.saintphilippe.quebec\/\">City of Saint-Philippe<\/a><\/span><\/li>\n<li aria-level=\"1\"><span style=\"font-family: arial, helvetica, sans-serif; color: #0000ff;\"><a style=\"color: #0000ff;\" href=\"https:\/\/ville.saintphilippe.quebec\/carte-interactive\/\">Interactive map of Saint-Philippe<\/a><\/span><\/li>\n<li aria-level=\"1\"><span style=\"color: #0000ff;\"><a style=\"color: #0000ff;\" href=\"https:\/\/ville.saintphilippe.quebec\/programmation-loisirs\/\"><span style=\"font-family: arial, helvetica, sans-serif;\">Loisirs Saint-Philippe<\/span><\/a><\/span><\/li>\n<li aria-level=\"1\"><span style=\"font-family: arial, helvetica, sans-serif; color: #0000ff;\"><a style=\"color: #0000ff;\" href=\"https:\/\/ville.saintphilippe.quebec\/bibliotheque\/\">\u00ab Le Vaisseaud\u2019Or \u00bb Librairy<\/a><\/span><\/li>\n<li aria-level=\"1\"><span style=\"font-family: arial, helvetica, sans-serif; color: #0000ff;\"><a style=\"color: #0000ff;\" href=\"https:\/\/cmm.qc.ca\/pdf\/portraits\/Portrait_67010.pdf\">Territorial Portraits Saint-Philippe<\/a><\/span><\/li>\n<li aria-level=\"1\"><span style=\"color: #0000ff;\"><a style=\"color: #0000ff;\" href=\"https:\/\/grandquebec.com\/villes-quebec\/saint-philippe\/\"><span style=\"font-family: arial, helvetica, sans-serif;\">Voyage \u00e0 travers le Qu\u00e9bec-Saint-Philippe<\/span><\/a><\/span><\/li>\n<li aria-level=\"1\"><span style=\"font-family: arial, helvetica, sans-serif; color: #0000ff;\"><a style=\"color: #0000ff;\" href=\"https:\/\/www.cepv.ca\/subsections\/743\/propos-programme.html\">Sport Studies Program &#8211; Equestrian Option<\/a><\/span><\/li>\n<li aria-level=\"1\"><span style=\"font-family: arial, helvetica, sans-serif; color: #0000ff;\"><a style=\"color: #0000ff;\" href=\"https:\/\/ville.saintphilippe.quebec\/parcs-et-espaces-verts\/\">Parks and green spaces<\/a><\/span><\/li>\n<li aria-level=\"1\"><span style=\"font-family: arial, helvetica, sans-serif; color: #0000ff;\"><a style=\"color: #0000ff;\" href=\"https:\/\/ville.saintphilippe.quebec\/camp-de-jour\/\">Day Camp <\/a>2022<\/span><\/li>\n<li aria-level=\"1\"><span style=\"font-family: arial, helvetica, sans-serif; color: #0000ff;\"><a style=\"color: #0000ff;\" href=\"https:\/\/www.lereflet.qc.ca\/heureux-a-saint-philippe\/\">Heureux \u00e0 Saint-Philippe &#8211; Article Le Reflet<\/a><\/span><\/li>\n<li aria-level=\"1\"><span style=\"font-family: arial, helvetica, sans-serif; color: #0000ff;\"><a style=\"color: #0000ff;\" href=\"https:\/\/www.lereflet.qc.ca\/\">Journal Le Reflet<\/a><\/span><\/li>\n<li aria-level=\"1\"><span style=\"font-family: arial, helvetica, sans-serif; color: #0000ff;\"><a style=\"color: #0000ff;\" href=\"https:\/\/www.facebook.com\/villestphilippe\/\">Page Facebook Saint-Philippe<\/a><\/span><\/li>\n<li aria-level=\"1\"><span style=\"font-family: arial, helvetica, sans-serif; color: #0000ff;\"><a style=\"color: #0000ff;\" href=\"https:\/\/www.instagram.com\/villestphilippe\/\">Page Instagram Saint-Philippe<\/a><\/span><\/li>\n<li aria-level=\"1\"><span style=\"font-family: arial, helvetica, sans-serif; color: #0000ff;\"><a style=\"color: #0000ff;\" href=\"https:\/\/www.pagesjaunes.ca\/search\/si\/1\/restaurants\/Saint-Philippe+QC\">Best restos in Saint-Philippe \u2013 Pages jaunes<\/a><\/span><\/li>\n<\/ul>\n<p>&nbsp;<\/p>\n<hr \/>\n<h3 class=\"_1qeIAgB0cPwnLhDF9XSiJM\" style=\"text-align: left;\">Discover other cities in the Mont\u00e9r\u00e9gie served by our real estate agency :<\/h3>\n<h4><a style=\"color: #0000ff;\" href=\"https:\/\/annaestephan.com\/en\/proprietes-par-ville\/brossard\/\" target=\"_blank\" rel=\"noopener noreferrer\">Brossard Real Estate Agency<\/a><\/h4>\n<h4><a style=\"color: #0000ff;\" href=\"https:\/\/annaestephan.com\/en\/proprietes-par-ville\/saint-constant\/\" target=\"_blank\" rel=\"noopener noreferrer\">Saint-Constant Real Estate Agency<\/a><\/h4>\n<h4><span style=\"color: #0000ff;\"><a style=\"color: #0000ff;\" href=\"https:\/\/annaestephan.com\/en\/candiac\/\"><strong>Candiac Real Estate Agency<\/strong><\/a><\/span><\/h4>\n<h4><span style=\"color: #0000ff;\"><strong><a style=\"color: #0000ff;\" href=\"https:\/\/annaestephan.com\/en\/proprietes-par-ville\/la-prairie\/\">La Prairie Real Estate Agency<\/a><\/strong><\/span><\/h4>\n<h4><span style=\"color: #0000ff;\"><a style=\"color: #0000ff;\" href=\"https:\/\/annaestephan.com\/en\/proprietes-par-ville\/delson\/\"><strong>Delson Real Estate Agency<\/strong><\/a><\/span><\/h4>\n<h4><span style=\"color: #0000ff;\"><a style=\"color: #0000ff;\" href=\"https:\/\/annaestephan.com\/en\/proprietes-par-ville\/sainte-catherine\/\"><strong>Sainte-Catherine Real Estate Agency<\/strong><\/a><\/span><\/h4>\n<p>&nbsp;<\/p>\n<hr \/>\n<h4><strong>Texts sources : <\/strong><\/h4>\n<ul>\n<li>Saint-Philippe City,<\/li>\n<li>Wikipedia &#8211; Saint-Philippe<\/li>\n<li>Journey through Quebec-Saint-Philippe.<\/li>\n<\/ul>\n<p><\/div><\/div><\/section><\/p>","protected":false},"excerpt":{"rendered":"<p>Sorry, this entry is only available in Fran\u00e7ais.<\/p>\n","protected":false},"author":121,"featured_media":0,"parent":839,"menu_order":0,"comment_status":"closed","ping_status":"closed","template":"t_listings.php","meta":{"_acf_changed":false,"footnotes":""},"class_list":["post-2489","page","type-page","status-publish","hentry"],"acf":[],"yoast_head":"<!-- This site is optimized with the Yoast SEO plugin v26.7 - https:\/\/yoast.com\/wordpress\/plugins\/seo\/ -->\n<title>Courtier immobilier Saint-Philippe | Anna Estephan, Agence immobili\u00e8re<\/title>\n<meta name=\"description\" content=\"Pour vendre votre propri\u00e9t\u00e9 de Saint-Philippe rapidement et au meilleur prix, communiquez avec l&#039;Agence immobili\u00e8re Anna Estephan : (514) 292-2311.\" \/>\n<meta name=\"robots\" content=\"index, follow, max-snippet:-1, max-image-preview:large, max-video-preview:-1\" \/>\n<link rel=\"canonical\" href=\"https:\/\/annaestephan.com\/proprietes-par-ville\/saint-philippe\/\" \/>\n<meta property=\"og:locale\" content=\"en_US\" \/>\n<meta property=\"og:type\" content=\"article\" \/>\n<meta property=\"og:title\" content=\"Courtier immobilier Saint-Philippe | Anna Estephan, Agence immobili\u00e8re\" \/>\n<meta property=\"og:description\" content=\"Pour vendre votre propri\u00e9t\u00e9 de Saint-Philippe rapidement et au meilleur prix, communiquez avec l&#039;Agence immobili\u00e8re Anna Estephan : (514) 292-2311.\" \/>\n<meta property=\"og:url\" content=\"https:\/\/annaestephan.com\/proprietes-par-ville\/saint-philippe\/\" \/>\n<meta property=\"og:site_name\" content=\"Anna Estephan - Real Estate Agency\" \/>\n<meta property=\"article:publisher\" content=\"https:\/\/www.facebook.com\/annaestephancourtier\/\" \/>\n<meta property=\"article:modified_time\" content=\"2024-03-13T20:45:32+00:00\" \/>\n<meta property=\"og:image\" content=\"https:\/\/annaestephan.com\/files\/2021\/05\/carte-promo-immobilier.jpg\" \/>\n<meta name=\"twitter:card\" content=\"summary_large_image\" \/>\n<meta name=\"twitter:label1\" content=\"Est. reading time\" \/>\n\t<meta name=\"twitter:data1\" content=\"10 minutes\" \/>\n<script type=\"application\/ld+json\" class=\"yoast-schema-graph\">{\"@context\":\"https:\/\/schema.org\",\"@graph\":[{\"@type\":\"WebPage\",\"@id\":\"https:\/\/annaestephan.com\/proprietes-par-ville\/saint-philippe\/\",\"url\":\"https:\/\/annaestephan.com\/proprietes-par-ville\/saint-philippe\/\",\"name\":\"Courtier immobilier Saint-Philippe | Anna Estephan, Agence immobili\u00e8re\",\"isPartOf\":{\"@id\":\"https:\/\/annaestephan.com\/#website\"},\"primaryImageOfPage\":{\"@id\":\"https:\/\/annaestephan.com\/proprietes-par-ville\/saint-philippe\/#primaryimage\"},\"image\":{\"@id\":\"https:\/\/annaestephan.com\/proprietes-par-ville\/saint-philippe\/#primaryimage\"},\"thumbnailUrl\":\"https:\/\/annaestephan.com\/files\/2021\/05\/carte-promo-immobilier.jpg\",\"datePublished\":\"2022-04-14T15:07:45+00:00\",\"dateModified\":\"2024-03-13T20:45:32+00:00\",\"description\":\"Pour vendre votre propri\u00e9t\u00e9 de Saint-Philippe rapidement et au meilleur prix, communiquez avec l'Agence immobili\u00e8re Anna Estephan : (514) 292-2311.\",\"breadcrumb\":{\"@id\":\"https:\/\/annaestephan.com\/proprietes-par-ville\/saint-philippe\/#breadcrumb\"},\"inLanguage\":\"en-US\",\"potentialAction\":[{\"@type\":\"ReadAction\",\"target\":[\"https:\/\/annaestephan.com\/proprietes-par-ville\/saint-philippe\/\"]}]},{\"@type\":\"ImageObject\",\"inLanguage\":\"en-US\",\"@id\":\"https:\/\/annaestephan.com\/proprietes-par-ville\/saint-philippe\/#primaryimage\",\"url\":\"https:\/\/annaestephan.com\/files\/2021\/05\/carte-promo-immobilier.jpg\",\"contentUrl\":\"https:\/\/annaestephan.com\/files\/2021\/05\/carte-promo-immobilier.jpg\"},{\"@type\":\"BreadcrumbList\",\"@id\":\"https:\/\/annaestephan.com\/proprietes-par-ville\/saint-philippe\/#breadcrumb\",\"itemListElement\":[{\"@type\":\"ListItem\",\"position\":1,\"name\":\"Accueil\",\"item\":\"https:\/\/annaestephan.com\/\"},{\"@type\":\"ListItem\",\"position\":2,\"name\":\"Propri\u00e9t\u00e9s par ville\",\"item\":\"https:\/\/annaestephan.com\/proprietes-par-ville\/\"},{\"@type\":\"ListItem\",\"position\":3,\"name\":\"Municipalit\u00e9 de Saint-Philippe\"}]},{\"@type\":\"WebSite\",\"@id\":\"https:\/\/annaestephan.com\/#website\",\"url\":\"https:\/\/annaestephan.com\/\",\"name\":\"Anna Estephan - Real Estate Agency\",\"description\":\"Real Estate Brokers\",\"publisher\":{\"@id\":\"https:\/\/annaestephan.com\/#organization\"},\"potentialAction\":[{\"@type\":\"SearchAction\",\"target\":{\"@type\":\"EntryPoint\",\"urlTemplate\":\"https:\/\/annaestephan.com\/?s={search_term_string}\"},\"query-input\":{\"@type\":\"PropertyValueSpecification\",\"valueRequired\":true,\"valueName\":\"search_term_string\"}}],\"inLanguage\":\"en-US\"},{\"@type\":\"Organization\",\"@id\":\"https:\/\/annaestephan.com\/#organization\",\"name\":\"Agence immobili\u00e8re Anna Estephan \/ Anna Estephan Real Estate Agency\",\"url\":\"https:\/\/annaestephan.com\/\",\"logo\":{\"@type\":\"ImageObject\",\"inLanguage\":\"en-US\",\"@id\":\"https:\/\/annaestephan.com\/#\/schema\/logo\/image\/\",\"url\":\"https:\/\/annaestephan.com\/files\/2023\/07\/anna-estephan-agence-immobiliere-Real-Estate-Agency.jpg\",\"contentUrl\":\"https:\/\/annaestephan.com\/files\/2023\/07\/anna-estephan-agence-immobiliere-Real-Estate-Agency.jpg\",\"width\":851,\"height\":315,\"caption\":\"Agence immobili\u00e8re Anna Estephan \/ Anna Estephan Real Estate Agency\"},\"image\":{\"@id\":\"https:\/\/annaestephan.com\/#\/schema\/logo\/image\/\"},\"sameAs\":[\"https:\/\/www.facebook.com\/annaestephancourtier\/\",\"https:\/\/www.linkedin.com\/in\/anna-estephan-9326b831\/?locale=fr_FR\"]}]}<\/script>\n<!-- \/ Yoast SEO plugin. -->","yoast_head_json":{"title":"Courtier immobilier Saint-Philippe | Anna Estephan, Agence immobili\u00e8re","description":"Pour vendre votre propri\u00e9t\u00e9 de Saint-Philippe rapidement et au meilleur prix, communiquez avec l'Agence immobili\u00e8re Anna Estephan : (514) 292-2311.","robots":{"index":"index","follow":"follow","max-snippet":"max-snippet:-1","max-image-preview":"max-image-preview:large","max-video-preview":"max-video-preview:-1"},"canonical":"https:\/\/annaestephan.com\/proprietes-par-ville\/saint-philippe\/","og_locale":"en_US","og_type":"article","og_title":"Courtier immobilier Saint-Philippe | Anna Estephan, Agence immobili\u00e8re","og_description":"Pour vendre votre propri\u00e9t\u00e9 de Saint-Philippe rapidement et au meilleur prix, communiquez avec l'Agence immobili\u00e8re Anna Estephan : (514) 292-2311.","og_url":"https:\/\/annaestephan.com\/proprietes-par-ville\/saint-philippe\/","og_site_name":"Anna Estephan - Real Estate Agency","article_publisher":"https:\/\/www.facebook.com\/annaestephancourtier\/","article_modified_time":"2024-03-13T20:45:32+00:00","og_image":[{"url":"https:\/\/annaestephan.com\/files\/2021\/05\/carte-promo-immobilier.jpg","type":"","width":"","height":""}],"twitter_card":"summary_large_image","twitter_misc":{"Est. reading time":"10 minutes"},"schema":{"@context":"https:\/\/schema.org","@graph":[{"@type":"WebPage","@id":"https:\/\/annaestephan.com\/proprietes-par-ville\/saint-philippe\/","url":"https:\/\/annaestephan.com\/proprietes-par-ville\/saint-philippe\/","name":"Courtier immobilier Saint-Philippe | Anna Estephan, Agence immobili\u00e8re","isPartOf":{"@id":"https:\/\/annaestephan.com\/#website"},"primaryImageOfPage":{"@id":"https:\/\/annaestephan.com\/proprietes-par-ville\/saint-philippe\/#primaryimage"},"image":{"@id":"https:\/\/annaestephan.com\/proprietes-par-ville\/saint-philippe\/#primaryimage"},"thumbnailUrl":"https:\/\/annaestephan.com\/files\/2021\/05\/carte-promo-immobilier.jpg","datePublished":"2022-04-14T15:07:45+00:00","dateModified":"2024-03-13T20:45:32+00:00","description":"Pour vendre votre propri\u00e9t\u00e9 de Saint-Philippe rapidement et au meilleur prix, communiquez avec l'Agence immobili\u00e8re Anna Estephan : (514) 292-2311.","breadcrumb":{"@id":"https:\/\/annaestephan.com\/proprietes-par-ville\/saint-philippe\/#breadcrumb"},"inLanguage":"en-US","potentialAction":[{"@type":"ReadAction","target":["https:\/\/annaestephan.com\/proprietes-par-ville\/saint-philippe\/"]}]},{"@type":"ImageObject","inLanguage":"en-US","@id":"https:\/\/annaestephan.com\/proprietes-par-ville\/saint-philippe\/#primaryimage","url":"https:\/\/annaestephan.com\/files\/2021\/05\/carte-promo-immobilier.jpg","contentUrl":"https:\/\/annaestephan.com\/files\/2021\/05\/carte-promo-immobilier.jpg"},{"@type":"BreadcrumbList","@id":"https:\/\/annaestephan.com\/proprietes-par-ville\/saint-philippe\/#breadcrumb","itemListElement":[{"@type":"ListItem","position":1,"name":"Accueil","item":"https:\/\/annaestephan.com\/"},{"@type":"ListItem","position":2,"name":"Propri\u00e9t\u00e9s par ville","item":"https:\/\/annaestephan.com\/proprietes-par-ville\/"},{"@type":"ListItem","position":3,"name":"Municipalit\u00e9 de Saint-Philippe"}]},{"@type":"WebSite","@id":"https:\/\/annaestephan.com\/#website","url":"https:\/\/annaestephan.com\/","name":"Anna Estephan - Real Estate Agency","description":"Real Estate Brokers","publisher":{"@id":"https:\/\/annaestephan.com\/#organization"},"potentialAction":[{"@type":"SearchAction","target":{"@type":"EntryPoint","urlTemplate":"https:\/\/annaestephan.com\/?s={search_term_string}"},"query-input":{"@type":"PropertyValueSpecification","valueRequired":true,"valueName":"search_term_string"}}],"inLanguage":"en-US"},{"@type":"Organization","@id":"https:\/\/annaestephan.com\/#organization","name":"Agence immobili\u00e8re Anna Estephan \/ Anna Estephan Real Estate Agency","url":"https:\/\/annaestephan.com\/","logo":{"@type":"ImageObject","inLanguage":"en-US","@id":"https:\/\/annaestephan.com\/#\/schema\/logo\/image\/","url":"https:\/\/annaestephan.com\/files\/2023\/07\/anna-estephan-agence-immobiliere-Real-Estate-Agency.jpg","contentUrl":"https:\/\/annaestephan.com\/files\/2023\/07\/anna-estephan-agence-immobiliere-Real-Estate-Agency.jpg","width":851,"height":315,"caption":"Agence immobili\u00e8re Anna Estephan \/ Anna Estephan Real Estate Agency"},"image":{"@id":"https:\/\/annaestephan.com\/#\/schema\/logo\/image\/"},"sameAs":["https:\/\/www.facebook.com\/annaestephancourtier\/","https:\/\/www.linkedin.com\/in\/anna-estephan-9326b831\/?locale=fr_FR"]}]}},"_links":{"self":[{"href":"https:\/\/annaestephan.com\/en\/wp-json\/wp\/v2\/pages\/2489","targetHints":{"allow":["GET"]}}],"collection":[{"href":"https:\/\/annaestephan.com\/en\/wp-json\/wp\/v2\/pages"}],"about":[{"href":"https:\/\/annaestephan.com\/en\/wp-json\/wp\/v2\/types\/page"}],"author":[{"embeddable":true,"href":"https:\/\/annaestephan.com\/en\/wp-json\/wp\/v2\/users\/121"}],"replies":[{"embeddable":true,"href":"https:\/\/annaestephan.com\/en\/wp-json\/wp\/v2\/comments?post=2489"}],"version-history":[{"count":2,"href":"https:\/\/annaestephan.com\/en\/wp-json\/wp\/v2\/pages\/2489\/revisions"}],"predecessor-version":[{"id":5455,"href":"https:\/\/annaestephan.com\/en\/wp-json\/wp\/v2\/pages\/2489\/revisions\/5455"}],"up":[{"embeddable":true,"href":"https:\/\/annaestephan.com\/en\/wp-json\/wp\/v2\/pages\/839"}],"wp:attachment":[{"href":"https:\/\/annaestephan.com\/en\/wp-json\/wp\/v2\/media?parent=2489"}],"curies":[{"name":"wp","href":"https:\/\/api.w.org\/{rel}","templated":true}]}}